{"id":890,"date":"2022-04-15T13:25:34","date_gmt":"2022-04-15T11:25:34","guid":{"rendered":"http:\/\/duoarte.at\/?page_id=890"},"modified":"2025-11-25T20:03:14","modified_gmt":"2025-11-25T19:03:14","slug":"biographies","status":"publish","type":"page","link":"https:\/\/duoarte.at\/de\/biographies\/","title":{"rendered":"Biografien"},"content":{"rendered":"<div data-elementor-type=\"wp-page\" data-elementor-id=\"890\" class=\"elementor elementor-890\">\n\t\t\t\t\t\t<section class=\"elementor-section elementor-top-section elementor-element elementor-element-22a7a22 elementor-section-boxed elementor-section-height-default elementor-section-height-default\" data-id=\"22a7a22\" data-element_type=\"section\" data-settings=\"{&quot;background_background&quot;:&quot;classic&quot;}\">\n\t\t\t\t\t\t<div class=\"elementor-container elementor-column-gap-default\">\n\t\t\t\t\t<div class=\"elementor-column elementor-col-100 elementor-top-column elementor-element elementor-element-9ef54a2\" data-id=\"9ef54a2\" data-element_type=\"column\">\n\t\t\t<div class=\"elementor-widget-wrap elementor-element-populated\">\n\t\t\t\t\t\t<div class=\"elementor-element elementor-element-a8d22e7 elementor-widget-divider--view-line elementor-widget elementor-widget-divider\" data-id=\"a8d22e7\" data-element_type=\"widget\" data-widget_type=\"divider.default\">\n\t\t\t\t<div class=\"elementor-widget-container\">\n\t\t\t\t\t\t\t<div class=\"elementor-divider\">\n\t\t\t<span class=\"elementor-divider-separator\">\n\t\t\t\t\t\t<\/span>\n\t\t<\/div>\n\t\t\t\t\t\t<\/div>\n\t\t\t\t<\/div>\n\t\t\t\t<div class=\"elementor-element elementor-element-1c6d337 elementor-widget elementor-widget-heading\" data-id=\"1c6d337\" data-element_type=\"widget\" data-widget_type=\"heading.default\">\n\t\t\t\t<div class=\"elementor-widget-container\">\n\t\t\t\t\t<h6 class=\"elementor-heading-title elementor-size-xl\">Biografien<\/h6>\t\t\t\t<\/div>\n\t\t\t\t<\/div>\n\t\t\t\t<div class=\"elementor-element elementor-element-9378d81 elementor-widget elementor-widget-spacer\" data-id=\"9378d81\" data-element_type=\"widget\" data-widget_type=\"spacer.default\">\n\t\t\t\t<div class=\"elementor-widget-container\">\n\t\t\t\t\t\t\t<div class=\"elementor-spacer\">\n\t\t\t<div class=\"elementor-spacer-inner\"><\/div>\n\t\t<\/div>\n\t\t\t\t\t\t<\/div>\n\t\t\t\t<\/div>\n\t\t\t\t<section class=\"elementor-section elementor-inner-section elementor-element elementor-element-eaef34b elementor-section-boxed elementor-section-height-default elementor-section-height-default\" data-id=\"eaef34b\" data-element_type=\"section\">\n\t\t\t\t\t\t<div class=\"elementor-container elementor-column-gap-default\">\n\t\t\t\t\t<div class=\"elementor-column elementor-col-50 elementor-inner-column elementor-element elementor-element-b570347\" data-id=\"b570347\" data-element_type=\"column\">\n\t\t\t<div class=\"elementor-widget-wrap elementor-element-populated\">\n\t\t\t\t\t\t<div class=\"elementor-element elementor-element-18858df elementor-widget elementor-widget-image\" data-id=\"18858df\" data-element_type=\"widget\" data-widget_type=\"image.default\">\n\t\t\t\t<div class=\"elementor-widget-container\">\n\t\t\t\t\t\t\t\t\t\t\t\t\t\t\t<img fetchpriority=\"high\" decoding=\"async\" width=\"683\" height=\"1024\" src=\"https:\/\/duoarte.at\/wp-content\/uploads\/2022\/05\/Maria-Noten-stehend-2-Okt.2020-683x1024.jpg\" class=\"attachment-large size-large wp-image-1505\" alt=\"\" srcset=\"https:\/\/duoarte.at\/wp-content\/uploads\/2022\/05\/Maria-Noten-stehend-2-Okt.2020-683x1024.jpg 683w, https:\/\/duoarte.at\/wp-content\/uploads\/2022\/05\/Maria-Noten-stehend-2-Okt.2020-200x300.jpg 200w, https:\/\/duoarte.at\/wp-content\/uploads\/2022\/05\/Maria-Noten-stehend-2-Okt.2020-768x1152.jpg 768w, https:\/\/duoarte.at\/wp-content\/uploads\/2022\/05\/Maria-Noten-stehend-2-Okt.2020-1024x1536.jpg 1024w, https:\/\/duoarte.at\/wp-content\/uploads\/2022\/05\/Maria-Noten-stehend-2-Okt.2020-1365x2048.jpg 1365w, https:\/\/duoarte.at\/wp-content\/uploads\/2022\/05\/Maria-Noten-stehend-2-Okt.2020-scaled.jpg 1707w\" sizes=\"(max-width: 683px) 100vw, 683px\" \/>\t\t\t\t\t\t\t\t\t\t\t\t\t\t\t<\/div>\n\t\t\t\t<\/div>\n\t\t\t\t\t<\/div>\n\t\t<\/div>\n\t\t\t\t<div class=\"elementor-column elementor-col-50 elementor-inner-column elementor-element elementor-element-0aa2a8b\" data-id=\"0aa2a8b\" data-element_type=\"column\">\n\t\t\t<div class=\"elementor-widget-wrap elementor-element-populated\">\n\t\t\t\t\t\t<div class=\"elementor-element elementor-element-0d42e6b elementor-widget elementor-widget-heading\" data-id=\"0d42e6b\" data-element_type=\"widget\" data-widget_type=\"heading.default\">\n\t\t\t\t<div class=\"elementor-widget-container\">\n\t\t\t\t\t<h4 class=\"elementor-heading-title elementor-size-default\">Maria Klara Kasznia (Piano)<\/h4>\t\t\t\t<\/div>\n\t\t\t\t<\/div>\n\t\t\t\t<div class=\"elementor-element elementor-element-49276f0 elementor-widget elementor-widget-text-editor\" data-id=\"49276f0\" data-element_type=\"widget\" data-widget_type=\"text-editor.default\">\n\t\t\t\t<div class=\"elementor-widget-container\">\n\t\t\t\t\t\t\t\t\t<p class=\"translation-block\">Maria Kasznia, in Polen geboren, ist seit fr\u00fcher Kindheit mit der Musik verbunden. Sie erh\u00e4lt\nihren ersten Klavierunterricht im Alter von f\u00fcnf Jahren in Wien. 1991 wird sie in die Vorbereitungsklasse\nvon Prof. Imola Jo\u00f3 im Rahmen eines au\u00dferordentlichen Studiums f\u00fcr besonders talentierte Kinder und\nJugendliche an der Universit\u00e4t f\u00fcr Musik und darstellende Kunst Wien aufgenommen.<\/p>\t\t\t\t\t\t\t\t<\/div>\n\t\t\t\t<\/div>\n\t\t\t\t<div class=\"elementor-element elementor-element-467ba2b elementor-widget elementor-widget-text-editor\" data-id=\"467ba2b\" data-element_type=\"widget\" data-widget_type=\"text-editor.default\">\n\t\t\t\t<div class=\"elementor-widget-container\">\n\t\t\t\t\t\t\t\t\t<p class=\"translation-block\">Das Jahr 1996\/97 f\u00fchrt sie nach Berlin an die Hochschule f\u00fcr Musik Hanns Eisler in die Klasse\nder Pianistin Annerose Schmidt. Von 2000-2003 studiert sie bei Prof. Anna Pfeiffer an der Wiener\nMusikuniversit\u00e4t. Von 2003 bis 2008 setzt sie ihr Klavierstudium an der Feliks Nowowiejski\nMusikakademie in Bydgoszcz in Polen fort - zun\u00e4chst bei Prof. Tatjana Shebanova und anschlie\u00dfend bei\nProf. Jerzy Sulikowski, bei dem sie 2008 ihr Diplom mit Auszeichnung (Magister der K\u00fcnste) absolviert.<\/p>\t\t\t\t\t\t\t\t<\/div>\n\t\t\t\t<\/div>\n\t\t\t\t\t<\/div>\n\t\t<\/div>\n\t\t\t\t\t<\/div>\n\t\t<\/section>\n\t\t\t\t<section class=\"elementor-section elementor-inner-section elementor-element elementor-element-b2c4845 elementor-section-boxed elementor-section-height-default elementor-section-height-default\" data-id=\"b2c4845\" data-element_type=\"section\">\n\t\t\t\t\t\t<div class=\"elementor-container elementor-column-gap-default\">\n\t\t\t\t\t<div class=\"elementor-column elementor-col-50 elementor-inner-column elementor-element elementor-element-f55e920\" data-id=\"f55e920\" data-element_type=\"column\">\n\t\t\t<div class=\"elementor-widget-wrap elementor-element-populated\">\n\t\t\t\t\t\t<div class=\"elementor-element elementor-element-7ea5272 elementor-widget elementor-widget-text-editor\" data-id=\"7ea5272\" data-element_type=\"widget\" data-widget_type=\"text-editor.default\">\n\t\t\t\t<div class=\"elementor-widget-container\">\n\t\t\t\t\t\t\t\t\t<p><span style=\"font-weight: 400;\">Von 2007 bis 2009 arbeitet sie als Gesangskorrepetitorin an der Musikakademie in Bydgoszcz an der Musikakademie in Bydgoszcz. Sie begleitet S\u00e4nger bei zahlreichen Konzerten in Warschau, Danzig, Pozna\u0144, Bydgoszcz, Toru\u0144 u.a., bei Meisterkursen und internationalen Wettbewerben.<\/span><\/p>\t\t\t\t\t\t\t\t<\/div>\n\t\t\t\t<\/div>\n\t\t\t\t<div class=\"elementor-element elementor-element-c2d8bc9 elementor-widget elementor-widget-text-editor\" data-id=\"c2d8bc9\" data-element_type=\"widget\" data-widget_type=\"text-editor.default\">\n\t\t\t\t<div class=\"elementor-widget-container\">\n\t\t\t\t\t\t\t\t\t<p class=\"translation-block\">Von 2009 bis 2011 studiert sie im Rahmen eines postgradualen Studiums an der Accademia di Musica di Pinerolo (Provinz Turin) in der Klasse des italienischen Pianisten Pietro de Maria und anschlie\u00dfend in Neapel an der Accademia Europea di Musica e di Arti dello Spettacolo bei Massimo und Stefania Bertucci.<\/p>\t\t\t\t\t\t\t\t<\/div>\n\t\t\t\t<\/div>\n\t\t\t\t<div class=\"elementor-element elementor-element-79610fa elementor-widget elementor-widget-text-editor\" data-id=\"79610fa\" data-element_type=\"widget\" data-widget_type=\"text-editor.default\">\n\t\t\t\t<div class=\"elementor-widget-container\">\n\t\t\t\t\t\t\t\t\t<p><span style=\"font-weight: 400;\">Auf dem Gebiet der Kammermusik arbeitete sie unter der Leitung von Teresa Leopold, Luca Monti, Sophie Rachlin, David Waterman, Ewa Pobocka, Maria Murawska, u.a.<\/span><\/p>\t\t\t\t\t\t\t\t<\/div>\n\t\t\t\t<\/div>\n\t\t\t\t<div class=\"elementor-element elementor-element-f865a17 elementor-widget elementor-widget-text-editor\" data-id=\"f865a17\" data-element_type=\"widget\" data-widget_type=\"text-editor.default\">\n\t\t\t\t<div class=\"elementor-widget-container\">\n\t\t\t\t\t\t\t\t\t<p class=\"translation-block\">Maria Kasznia nahm an mehreren Wettbewerben (Interationaler I. J. Paderewski Wettbewerb, Chopin Wettbewerb Wien, Prima La Musica u.a.) - sowohl als Solistin als auch Kammermusikerin teil - und ist mehrfache Preistr\u00e4gerin bei den Bundeswettbewerben Prima La Musica (1998: 1. Preis mit Auszeichnung und Sonderpreis, 1999: 2. Preis) und Jugend Musiziert (1998: 3. Preis). \n\tSie war Teilnehmerin an Meisterkursen von renommierten Pianisten wie Andrzej Jasi\u0144ski, Irina Rumianceva, Katarzyna Popowa-Zydro\u0144, Andrea Lucchesini und Rudolf Kehrer.<\/p>\n<p class=\"translation-block\">Sie spielt zahlreiche Konzerte vor allem in \u00d6sterreich, Polen, Ungarn und Italien. 2008 deb\u00fctierte sie in der Philharmonie Bydgoszcz mit dem vierten Klavierkonzert von L. v. Beethoven. Sie war Gast zahlreicher Musikgesellschaften und diverser Musikfestivals im In- und Ausland u.a. des Internationalen Chopin-Festivals Gaming. 2012 konzertierte sie mit gro\u00dfem Erfolg im Teatro Vittoria in Turin und in Mailand. Regelm\u00e4\u00dfig tritt sie als Kammermusikerin in verschiedenen Formationen und hat sie sich einen Namen als Kammermusikpartnerin von zahlreichen Wiener Musikern gemacht.<\/p>\t\t\t\t\t\t\t\t<\/div>\n\t\t\t\t<\/div>\n\t\t\t\t\t<\/div>\n\t\t<\/div>\n\t\t\t\t<div class=\"elementor-column elementor-col-50 elementor-inner-column elementor-element elementor-element-307f650\" data-id=\"307f650\" data-element_type=\"column\">\n\t\t\t<div class=\"elementor-widget-wrap elementor-element-populated\">\n\t\t\t\t\t\t<div class=\"elementor-element elementor-element-2f50495 elementor-widget elementor-widget-image\" data-id=\"2f50495\" data-element_type=\"widget\" data-widget_type=\"image.default\">\n\t\t\t\t<div class=\"elementor-widget-container\">\n\t\t\t\t\t\t\t\t\t\t\t\t\t\t\t<img decoding=\"async\" width=\"683\" height=\"1024\" src=\"https:\/\/duoarte.at\/wp-content\/uploads\/2022\/04\/Kaznia-683x1024.jpg\" class=\"attachment-large size-large wp-image-769\" alt=\"\" srcset=\"https:\/\/duoarte.at\/wp-content\/uploads\/2022\/04\/Kaznia-683x1024.jpg 683w, https:\/\/duoarte.at\/wp-content\/uploads\/2022\/04\/Kaznia-200x300.jpg 200w, https:\/\/duoarte.at\/wp-content\/uploads\/2022\/04\/Kaznia-768x1152.jpg 768w, https:\/\/duoarte.at\/wp-content\/uploads\/2022\/04\/Kaznia-1024x1536.jpg 1024w, https:\/\/duoarte.at\/wp-content\/uploads\/2022\/04\/Kaznia.jpg 1365w\" sizes=\"(max-width: 683px) 100vw, 683px\" \/>\t\t\t\t\t\t\t\t\t\t\t\t\t\t\t<\/div>\n\t\t\t\t<\/div>\n\t\t\t\t<div class=\"elementor-element elementor-element-def1378 elementor-widget elementor-widget-image\" data-id=\"def1378\" data-element_type=\"widget\" data-widget_type=\"image.default\">\n\t\t\t\t<div class=\"elementor-widget-container\">\n\t\t\t\t\t\t\t\t\t\t\t\t\t\t\t<img decoding=\"async\" width=\"683\" height=\"1024\" src=\"https:\/\/duoarte.at\/wp-content\/uploads\/2022\/05\/Maria-75-683x1024.jpg\" class=\"attachment-large size-large wp-image-1506\" alt=\"\" srcset=\"https:\/\/duoarte.at\/wp-content\/uploads\/2022\/05\/Maria-75-683x1024.jpg 683w, https:\/\/duoarte.at\/wp-content\/uploads\/2022\/05\/Maria-75-200x300.jpg 200w, https:\/\/duoarte.at\/wp-content\/uploads\/2022\/05\/Maria-75-768x1152.jpg 768w, https:\/\/duoarte.at\/wp-content\/uploads\/2022\/05\/Maria-75-1024x1536.jpg 1024w, https:\/\/duoarte.at\/wp-content\/uploads\/2022\/05\/Maria-75-1365x2048.jpg 1365w, https:\/\/duoarte.at\/wp-content\/uploads\/2022\/05\/Maria-75-scaled.jpg 1707w\" sizes=\"(max-width: 683px) 100vw, 683px\" \/>\t\t\t\t\t\t\t\t\t\t\t\t\t\t\t<\/div>\n\t\t\t\t<\/div>\n\t\t\t\t\t<\/div>\n\t\t<\/div>\n\t\t\t\t\t<\/div>\n\t\t<\/section>\n\t\t\t\t<section class=\"elementor-section elementor-inner-section elementor-element elementor-element-34c8989 elementor-section-boxed elementor-section-height-default elementor-section-height-default\" data-id=\"34c8989\" data-element_type=\"section\">\n\t\t\t\t\t\t<div class=\"elementor-container elementor-column-gap-default\">\n\t\t\t\t\t<div class=\"elementor-column elementor-col-50 elementor-inner-column elementor-element elementor-element-d407061\" data-id=\"d407061\" data-element_type=\"column\">\n\t\t\t<div class=\"elementor-widget-wrap elementor-element-populated\">\n\t\t\t\t\t\t<div class=\"elementor-element elementor-element-a200ea8 elementor-widget elementor-widget-image\" data-id=\"a200ea8\" data-element_type=\"widget\" data-widget_type=\"image.default\">\n\t\t\t\t<div class=\"elementor-widget-container\">\n\t\t\t\t\t\t\t\t\t\t\t\t\t\t\t<img loading=\"lazy\" decoding=\"async\" width=\"683\" height=\"1024\" src=\"https:\/\/duoarte.at\/wp-content\/uploads\/2022\/04\/img_3_1649422614210-683x1024.jpg\" class=\"attachment-large size-large wp-image-934\" alt=\"\" srcset=\"https:\/\/duoarte.at\/wp-content\/uploads\/2022\/04\/img_3_1649422614210-683x1024.jpg 683w, https:\/\/duoarte.at\/wp-content\/uploads\/2022\/04\/img_3_1649422614210-200x300.jpg 200w, https:\/\/duoarte.at\/wp-content\/uploads\/2022\/04\/img_3_1649422614210-768x1152.jpg 768w, https:\/\/duoarte.at\/wp-content\/uploads\/2022\/04\/img_3_1649422614210-1024x1536.jpg 1024w, https:\/\/duoarte.at\/wp-content\/uploads\/2022\/04\/img_3_1649422614210.jpg 1080w\" sizes=\"(max-width: 683px) 100vw, 683px\" \/>\t\t\t\t\t\t\t\t\t\t\t\t\t\t\t<\/div>\n\t\t\t\t<\/div>\n\t\t\t\t\t<\/div>\n\t\t<\/div>\n\t\t\t\t<div class=\"elementor-column elementor-col-50 elementor-inner-column elementor-element elementor-element-bcbc999\" data-id=\"bcbc999\" data-element_type=\"column\">\n\t\t\t<div class=\"elementor-widget-wrap elementor-element-populated\">\n\t\t\t\t\t\t<div class=\"elementor-element elementor-element-15e5a3c elementor-widget elementor-widget-text-editor\" data-id=\"15e5a3c\" data-element_type=\"widget\" data-widget_type=\"text-editor.default\">\n\t\t\t\t<div class=\"elementor-widget-container\">\n\t\t\t\t\t\t\t\t\t<p><span style=\"font-weight: 400;\">Seit ihrer R\u00fcckkehr nach \u00d6sterreich im Jahr 2012 lebt sie teilweise als freischaffende K\u00fcnstlerin in Wien. Neben ihrer Unterrichtst\u00e4tigkeit arbeitet sie vor allem als Korrepetitorin mit S\u00e4ngern und Instrumentalisten, im Besonderen mit Cellisten. Durch die rege Korrepetitionst\u00e4tigkeit der letzten Jahre befinden sich alle bedeutenden Werke der Violoncelloliteratur in ihrem Repertoire. Sie wird von Cellist*innen f\u00fcr Konzerte im In- und Ausland, Wettbewerbe (u.a. Internationaler A. Janigro Wettbewerb in Zagreb), Probespiele und Aufnahmen engagiert. In den Sommermonaten 2013 und 2014 war sie Dozentin an der Narnia Arts Academy (Italien), sowie 2015, 2016, 2017 und 2018 bei Meisterkursen in Ungarn.<\/span><\/p>\t\t\t\t\t\t\t\t<\/div>\n\t\t\t\t<\/div>\n\t\t\t\t<div class=\"elementor-element elementor-element-c1ff33b elementor-widget elementor-widget-text-editor\" data-id=\"c1ff33b\" data-element_type=\"widget\" data-widget_type=\"text-editor.default\">\n\t\t\t\t<div class=\"elementor-widget-container\">\n\t\t\t\t\t\t\t\t\t<p class=\"translation-block\">Zusammen mit ihrer Duopartnerin (DuoArte) ist sie Preistr\u00e4gerin mehrerer Wettbewerbe: 1. Preis '21st Euterpe International Music Competition' 2019, Corato (Italien), 2. Preis 'XII Filadelfia International Music Competition' 2021, Filadelfia (Italien), 3. Preis '18th International Competition Luigi Zanuccoli' 2021, Sogliano al Rubicone (Italien). Sie war Finalistin beim '28. Interationalen Johannes Brahms Wettbewerb' 2021, P\u00f6rtschach (\u00d6sterreich) und Finalistin und Preistr\u00e4gerin des 'IX S. Vainiunas International Piano and Chamber Ensemble Competition' 2022,Vilnius (Litauen). Im M\u00e4rz 2022 wurde sie zusammen mit ihrer Duo Partnerin zu dem renommierten ICM ('International Chamber Music Competition') 2023 in Pinerolo, Italien eingeladen.<\/p>\t\t\t\t\t\t\t\t<\/div>\n\t\t\t\t<\/div>\n\t\t\t\t\t<\/div>\n\t\t<\/div>\n\t\t\t\t\t<\/div>\n\t\t<\/section>\n\t\t\t\t<div class=\"elementor-element elementor-element-8fea539 elementor-widget elementor-widget-spacer\" data-id=\"8fea539\" data-element_type=\"widget\" data-widget_type=\"spacer.default\">\n\t\t\t\t<div class=\"elementor-widget-container\">\n\t\t\t\t\t\t\t<div class=\"elementor-spacer\">\n\t\t\t<div class=\"elementor-spacer-inner\"><\/div>\n\t\t<\/div>\n\t\t\t\t\t\t<\/div>\n\t\t\t\t<\/div>\n\t\t\t\t<section class=\"elementor-section elementor-inner-section elementor-element elementor-element-a78966e elementor-section-boxed elementor-section-height-default elementor-section-height-default\" data-id=\"a78966e\" data-element_type=\"section\">\n\t\t\t\t\t\t<div class=\"elementor-container elementor-column-gap-default\">\n\t\t\t\t\t<div class=\"elementor-column elementor-col-100 elementor-inner-column elementor-element elementor-element-0b066f8\" data-id=\"0b066f8\" data-element_type=\"column\">\n\t\t\t<div class=\"elementor-widget-wrap elementor-element-populated\">\n\t\t\t\t\t\t<div class=\"elementor-element elementor-element-91bd793 elementor-widget elementor-widget-heading\" data-id=\"91bd793\" data-element_type=\"widget\" data-widget_type=\"heading.default\">\n\t\t\t\t<div class=\"elementor-widget-container\">\n\t\t\t\t\t<h4 class=\"elementor-heading-title elementor-size-default\">Nadja Stiegler (Cello)<\/h4>\t\t\t\t<\/div>\n\t\t\t\t<\/div>\n\t\t\t\t\t<\/div>\n\t\t<\/div>\n\t\t\t\t\t<\/div>\n\t\t<\/section>\n\t\t\t\t<section class=\"elementor-section elementor-inner-section elementor-element elementor-element-6df42ec elementor-section-boxed elementor-section-height-default elementor-section-height-default\" data-id=\"6df42ec\" data-element_type=\"section\">\n\t\t\t\t\t\t<div class=\"elementor-container elementor-column-gap-default\">\n\t\t\t\t\t<div class=\"elementor-column elementor-col-50 elementor-inner-column elementor-element elementor-element-533bf7b\" data-id=\"533bf7b\" data-element_type=\"column\">\n\t\t\t<div class=\"elementor-widget-wrap elementor-element-populated\">\n\t\t\t\t\t\t<div class=\"elementor-element elementor-element-3a5446b elementor-widget elementor-widget-text-editor\" data-id=\"3a5446b\" data-element_type=\"widget\" data-widget_type=\"text-editor.default\">\n\t\t\t\t<div class=\"elementor-widget-container\">\n\t\t\t\t\t\t\t\t\t<p>Nadja Stiegler begann ihre musikalische Ausbildung im Alter von sieben Jahren und erhielt Unterricht bei Gottfried Plank an der W.A.Mozart-Musikschule Horn. Von 2010 bis 2015 besuchte sie das Musikgymnasium in Graz und legte ihre Matura mit Auszeichnung ab.<\/p><p>Von 2010 bis 2019 studierte sie an der Universit\u00e4t f\u00fcr Musik und darstellende Kunst Graz bei Univ.Prof. Rudolf Leopold und schloss ihr Bachelorstudium (BA) mit Auszeichnung ab. Seit Oktober 2019 studiert sie an der Universit\u00e4t f\u00fcr Musik und darstellende Kunst Wien bei Univ.Prof. Stefan Kropfitsch und belegt zus\u00e4tzlich ein Masterstudium f\u00fcr Neue Musik bei Andreas Lindenbaum und Jean-Bernard Matter.<\/p><p>Nadja nahm an zahlreichen Meisterkursen teil, u. a. bei Rudolf Leopold, Claudio Boh\u00f3rquez, Gereon Kleiner, Marc Coppey, Reinhard Latzko, Chia Chou und L\u00e1szl\u00f3 Feny\u0151.<\/p>\t\t\t\t\t\t\t\t<\/div>\n\t\t\t\t<\/div>\n\t\t\t\t\t<\/div>\n\t\t<\/div>\n\t\t\t\t<div class=\"elementor-column elementor-col-50 elementor-inner-column elementor-element elementor-element-125c01c\" data-id=\"125c01c\" data-element_type=\"column\">\n\t\t\t<div class=\"elementor-widget-wrap elementor-element-populated\">\n\t\t\t\t\t\t<div class=\"elementor-element elementor-element-68dbd77 elementor-widget elementor-widget-image\" data-id=\"68dbd77\" data-element_type=\"widget\" data-widget_type=\"image.default\">\n\t\t\t\t<div class=\"elementor-widget-container\">\n\t\t\t\t\t\t\t\t\t\t\t\t\t\t\t<img loading=\"lazy\" decoding=\"async\" width=\"683\" height=\"1024\" src=\"https:\/\/duoarte.at\/wp-content\/uploads\/2022\/05\/Nadja-stehend-Brucke-2-Okt.2020-683x1024.jpg\" class=\"attachment-large size-large wp-image-1527\" alt=\"\" srcset=\"https:\/\/duoarte.at\/wp-content\/uploads\/2022\/05\/Nadja-stehend-Brucke-2-Okt.2020-683x1024.jpg 683w, https:\/\/duoarte.at\/wp-content\/uploads\/2022\/05\/Nadja-stehend-Brucke-2-Okt.2020-200x300.jpg 200w, https:\/\/duoarte.at\/wp-content\/uploads\/2022\/05\/Nadja-stehend-Brucke-2-Okt.2020-768x1152.jpg 768w, https:\/\/duoarte.at\/wp-content\/uploads\/2022\/05\/Nadja-stehend-Brucke-2-Okt.2020-1024x1536.jpg 1024w, https:\/\/duoarte.at\/wp-content\/uploads\/2022\/05\/Nadja-stehend-Brucke-2-Okt.2020-1365x2048.jpg 1365w, https:\/\/duoarte.at\/wp-content\/uploads\/2022\/05\/Nadja-stehend-Brucke-2-Okt.2020-scaled.jpg 1707w\" sizes=\"(max-width: 683px) 100vw, 683px\" \/>\t\t\t\t\t\t\t\t\t\t\t\t\t\t\t<\/div>\n\t\t\t\t<\/div>\n\t\t\t\t\t<\/div>\n\t\t<\/div>\n\t\t\t\t\t<\/div>\n\t\t<\/section>\n\t\t\t\t<section class=\"elementor-section elementor-inner-section elementor-element elementor-element-1829fcd elementor-section-boxed elementor-section-height-default elementor-section-height-default\" data-id=\"1829fcd\" data-element_type=\"section\">\n\t\t\t\t\t\t<div class=\"elementor-container elementor-column-gap-default\">\n\t\t\t\t\t<div class=\"elementor-column elementor-col-50 elementor-inner-column elementor-element elementor-element-758c5b8\" data-id=\"758c5b8\" data-element_type=\"column\">\n\t\t\t<div class=\"elementor-widget-wrap elementor-element-populated\">\n\t\t\t\t\t\t<div class=\"elementor-element elementor-element-3e235ab elementor-widget elementor-widget-image\" data-id=\"3e235ab\" data-element_type=\"widget\" data-widget_type=\"image.default\">\n\t\t\t\t<div class=\"elementor-widget-container\">\n\t\t\t\t\t\t\t\t\t\t\t\t\t\t\t<img loading=\"lazy\" decoding=\"async\" width=\"871\" height=\"1024\" src=\"https:\/\/duoarte.at\/wp-content\/uploads\/2022\/04\/IMG_20211018_214838-871x1024.jpg\" class=\"attachment-large size-large wp-image-937\" alt=\"\" srcset=\"https:\/\/duoarte.at\/wp-content\/uploads\/2022\/04\/IMG_20211018_214838-871x1024.jpg 871w, https:\/\/duoarte.at\/wp-content\/uploads\/2022\/04\/IMG_20211018_214838-255x300.jpg 255w, https:\/\/duoarte.at\/wp-content\/uploads\/2022\/04\/IMG_20211018_214838-768x903.jpg 768w, https:\/\/duoarte.at\/wp-content\/uploads\/2022\/04\/IMG_20211018_214838-1307x1536.jpg 1307w, https:\/\/duoarte.at\/wp-content\/uploads\/2022\/04\/IMG_20211018_214838.jpg 1552w\" sizes=\"(max-width: 871px) 100vw, 871px\" \/>\t\t\t\t\t\t\t\t\t\t\t\t\t\t\t<\/div>\n\t\t\t\t<\/div>\n\t\t\t\t\t<\/div>\n\t\t<\/div>\n\t\t\t\t<div class=\"elementor-column elementor-col-50 elementor-inner-column elementor-element elementor-element-5d0deec\" data-id=\"5d0deec\" data-element_type=\"column\">\n\t\t\t<div class=\"elementor-widget-wrap elementor-element-populated\">\n\t\t\t\t\t\t<div class=\"elementor-element elementor-element-8546b9b elementor-widget elementor-widget-text-editor\" data-id=\"8546b9b\" data-element_type=\"widget\" data-widget_type=\"text-editor.default\">\n\t\t\t\t<div class=\"elementor-widget-container\">\n\t\t\t\t\t\t\t\t\t<p><span style=\"font-weight: 400;\">Zwischen 2006 und 2016 nahm sie fast j\u00e4hrlich am \u00f6sterreichischen Jugendmusikwettbewerb Prima la musica teil und wurde mehrfach mit ersten Preisen und Sonderpreisen ausgezeichnet. Im M\u00e4rz 2019 gewann sie den 1. Preis beim Ursula Grill Cello-Wettbewerb an der Universit\u00e4t f\u00fcr Musik und darstellende Kunst Graz. Zudem gewann sie mit ihrem Ensemble \u201etrio bunt\u201c den Improvisationswettbewerb Impro Parcours 2020. Im September 2020 wurde sie mit dem 1. Platz beim Auswahlspiel des Fritz-Kreisler-Instituts an der Universit\u00e4t f\u00fcr Musik und darstellende Kunst Wien ausgezeichnet.\nAu\u00dferdem wurde sie als Stipendiatin mehrerer Institutionen gef\u00f6rdert: der Sylff-Association &amp; Tokyo Foundation for Policy Research (Japan), der Fondation Josef und Harrietta Krips (Schweiz) sowie des Anny Felbermayer Fonds (\u00d6sterreich). Sie ist au\u00dferdem Mitglied der von Yehudi Menuhin gegr\u00fcndeten Organisation Live Music Now.\u00a0\u00a0<\/span><\/p>\t\t\t\t\t\t\t\t<\/div>\n\t\t\t\t<\/div>\n\t\t\t\t\t<\/div>\n\t\t<\/div>\n\t\t\t\t\t<\/div>\n\t\t<\/section>\n\t\t\t\t<section class=\"elementor-section elementor-inner-section elementor-element elementor-element-5e878ab elementor-section-boxed elementor-section-height-default elementor-section-height-default\" data-id=\"5e878ab\" data-element_type=\"section\">\n\t\t\t\t\t\t<div class=\"elementor-container elementor-column-gap-default\">\n\t\t\t\t\t<div class=\"elementor-column elementor-col-50 elementor-inner-column elementor-element elementor-element-b2a0840\" data-id=\"b2a0840\" data-element_type=\"column\">\n\t\t\t<div class=\"elementor-widget-wrap elementor-element-populated\">\n\t\t\t\t\t\t<div class=\"elementor-element elementor-element-f20e50c elementor-widget elementor-widget-text-editor\" data-id=\"f20e50c\" data-element_type=\"widget\" data-widget_type=\"text-editor.default\">\n\t\t\t\t<div class=\"elementor-widget-container\">\n\t\t\t\t\t\t\t\t\t<p>Gemeinsam mit der Pianistin Maria Kasznia bildet sie das \u201eDuoArte\u201c. Das Duo gewann den 1. Preis beim Euterpe International Competition 2019, den 2. Preis beim Filadelfia International Competition 2021 sowie den 3. Preis beim International Competition Luigi Zanuccoli 2021. Au\u00dferdem waren sie Finalistinnen beim Internationalen Johannes Brahms Wettbewerb 2021 und wurden als Preistr\u00e4gerinnen des International Stasys Vainiunas Competition 2022 ausgezeichnet.<\/p><p>Konzertauftritte als Solistin sowie in Kammermusik-Ensembles f\u00fchrten sie nicht nur durch \u00d6sterreich, sondern auch nach Polen, Belgien, Ungarn, Rum\u00e4nien und Italien.\nVon September 2022 bis Februar 2024 war sie Stimmf\u00fchrerin der Grazer Philharmoniker.<\/p><div>\u00a0<\/div>\t\t\t\t\t\t\t\t<\/div>\n\t\t\t\t<\/div>\n\t\t\t\t\t<\/div>\n\t\t<\/div>\n\t\t\t\t<div class=\"elementor-column elementor-col-50 elementor-inner-column elementor-element elementor-element-5394417\" data-id=\"5394417\" data-element_type=\"column\">\n\t\t\t<div class=\"elementor-widget-wrap elementor-element-populated\">\n\t\t\t\t\t\t<div class=\"elementor-element elementor-element-041e4a7 elementor-widget elementor-widget-image\" data-id=\"041e4a7\" data-element_type=\"widget\" data-widget_type=\"image.default\">\n\t\t\t\t<div class=\"elementor-widget-container\">\n\t\t\t\t\t\t\t\t\t\t\t\t\t\t\t<img loading=\"lazy\" decoding=\"async\" width=\"1024\" height=\"683\" src=\"https:\/\/duoarte.at\/wp-content\/uploads\/2022\/05\/Nadja-Cello-liegend-Okt.2020-1024x683.jpg\" class=\"attachment-large size-large wp-image-1526\" alt=\"\" srcset=\"https:\/\/duoarte.at\/wp-content\/uploads\/2022\/05\/Nadja-Cello-liegend-Okt.2020-1024x683.jpg 1024w, https:\/\/duoarte.at\/wp-content\/uploads\/2022\/05\/Nadja-Cello-liegend-Okt.2020-300x200.jpg 300w, https:\/\/duoarte.at\/wp-content\/uploads\/2022\/05\/Nadja-Cello-liegend-Okt.2020-768x512.jpg 768w, https:\/\/duoarte.at\/wp-content\/uploads\/2022\/05\/Nadja-Cello-liegend-Okt.2020-1536x1024.jpg 1536w, https:\/\/duoarte.at\/wp-content\/uploads\/2022\/05\/Nadja-Cello-liegend-Okt.2020-2048x1365.jpg 2048w\" sizes=\"(max-width: 1024px) 100vw, 1024px\" \/>\t\t\t\t\t\t\t\t\t\t\t\t\t\t\t<\/div>\n\t\t\t\t<\/div>\n\t\t\t\t<div class=\"elementor-element elementor-element-b7494d4 elementor-widget elementor-widget-image\" data-id=\"b7494d4\" data-element_type=\"widget\" data-widget_type=\"image.default\">\n\t\t\t\t<div class=\"elementor-widget-container\">\n\t\t\t\t\t\t\t\t\t\t\t\t\t\t\t<img loading=\"lazy\" decoding=\"async\" width=\"1024\" height=\"683\" src=\"https:\/\/duoarte.at\/wp-content\/uploads\/2022\/05\/Maria-Nadja-Bank-Okt.2020-1024x683.jpg\" class=\"attachment-large size-large wp-image-1434\" alt=\"\" srcset=\"https:\/\/duoarte.at\/wp-content\/uploads\/2022\/05\/Maria-Nadja-Bank-Okt.2020-1024x683.jpg 1024w, https:\/\/duoarte.at\/wp-content\/uploads\/2022\/05\/Maria-Nadja-Bank-Okt.2020-300x200.jpg 300w, https:\/\/duoarte.at\/wp-content\/uploads\/2022\/05\/Maria-Nadja-Bank-Okt.2020-768x512.jpg 768w, https:\/\/duoarte.at\/wp-content\/uploads\/2022\/05\/Maria-Nadja-Bank-Okt.2020-1536x1024.jpg 1536w, https:\/\/duoarte.at\/wp-content\/uploads\/2022\/05\/Maria-Nadja-Bank-Okt.2020-2048x1365.jpg 2048w\" sizes=\"(max-width: 1024px) 100vw, 1024px\" \/>\t\t\t\t\t\t\t\t\t\t\t\t\t\t\t<\/div>\n\t\t\t\t<\/div>\n\t\t\t\t\t<\/div>\n\t\t<\/div>\n\t\t\t\t\t<\/div>\n\t\t<\/section>\n\t\t\t\t\t<\/div>\n\t\t<\/div>\n\t\t\t\t\t<\/div>\n\t\t<\/section>\n\t\t\t\t<section class=\"elementor-section elementor-top-section elementor-element elementor-element-c928ce1 elementor-section-boxed elementor-section-height-default elementor-section-height-default\" data-id=\"c928ce1\" data-element_type=\"section\">\n\t\t\t\t\t\t<div class=\"elementor-container elementor-column-gap-default\">\n\t\t\t\t\t<div class=\"elementor-column elementor-col-100 elementor-top-column elementor-element elementor-element-89769ce\" data-id=\"89769ce\" data-element_type=\"column\">\n\t\t\t<div class=\"elementor-widget-wrap\">\n\t\t\t\t\t\t\t<\/div>\n\t\t<\/div>\n\t\t\t\t\t<\/div>\n\t\t<\/section>\n\t\t\t\t<\/div>","protected":false},"excerpt":{"rendered":"<p>Biographies Maria Klara Kasznia (Piano) Maria Kasznia was born in Poland and from the early childhood is connected with music. After moving to Vienna she began to study the piano&#8230;<\/p>","protected":false},"author":2,"featured_media":0,"parent":0,"menu_order":0,"comment_status":"closed","ping_status":"closed","template":"","meta":{"site-sidebar-layout":"no-sidebar","site-content-layout":"page-builder","ast-site-content-layout":"default","site-content-style":"default","site-sidebar-style":"default","ast-global-header-display":"","ast-banner-title-visibility":"","ast-main-header-display":"","ast-hfb-above-header-display":"","ast-hfb-below-header-display":"","ast-hfb-mobile-header-display":"","site-post-title":"disabled","ast-breadcrumbs-content":"","ast-featured-img":"disabled","footer-sml-layout":"","theme-transparent-header-meta":"","adv-header-id-meta":"","stick-header-meta":"","header-above-stick-meta":"","header-main-stick-meta":"","header-below-stick-meta":"","astra-migrate-meta-layouts":"default","ast-page-background-enabled":"default","ast-page-background-meta":{"desktop":{"background-color":"","background-image":"","background-repeat":"repeat","background-position":"center center","background-size":"auto","background-attachment":"scroll","background-type":"","background-media":"","overlay-type":"","overlay-color":"","overlay-opacity":"","overlay-gradient":""},"tablet":{"background-color":"","background-image":"","background-repeat":"repeat","background-position":"center center","background-size":"auto","background-attachment":"scroll","background-type":"","background-media":"","overlay-type":"","overlay-color":"","overlay-opacity":"","overlay-gradient":""},"mobile":{"background-color":"","background-image":"","background-repeat":"repeat","background-position":"center center","background-size":"auto","background-attachment":"scroll","background-type":"","background-media":"","overlay-type":"","overlay-color":"","overlay-opacity":"","overlay-gradient":""}},"ast-content-background-meta":{"desktop":{"background-color":"var(--ast-global-color-5)","background-image":"","background-repeat":"repeat","background-position":"center center","background-size":"auto","background-attachment":"scroll","background-type":"","background-media":"","overlay-type":"","overlay-color":"","overlay-opacity":"","overlay-gradient":""},"tablet":{"background-color":"var(--ast-global-color-5)","background-image":"","background-repeat":"repeat","background-position":"center center","background-size":"auto","background-attachment":"scroll","background-type":"","background-media":"","overlay-type":"","overlay-color":"","overlay-opacity":"","overlay-gradient":""},"mobile":{"background-color":"var(--ast-global-color-5)","background-image":"","background-repeat":"repeat","background-position":"center center","background-size":"auto","background-attachment":"scroll","background-type":"","background-media":"","overlay-type":"","overlay-color":"","overlay-opacity":"","overlay-gradient":""}},"footnotes":""},"class_list":["post-890","page","type-page","status-publish","hentry"],"aioseo_notices":[],"_links":{"self":[{"href":"https:\/\/duoarte.at\/de\/wp-json\/wp\/v2\/pages\/890","targetHints":{"allow":["GET"]}}],"collection":[{"href":"https:\/\/duoarte.at\/de\/wp-json\/wp\/v2\/pages"}],"about":[{"href":"https:\/\/duoarte.at\/de\/wp-json\/wp\/v2\/types\/page"}],"author":[{"embeddable":true,"href":"https:\/\/duoarte.at\/de\/wp-json\/wp\/v2\/users\/2"}],"replies":[{"embeddable":true,"href":"https:\/\/duoarte.at\/de\/wp-json\/wp\/v2\/comments?post=890"}],"version-history":[{"count":124,"href":"https:\/\/duoarte.at\/de\/wp-json\/wp\/v2\/pages\/890\/revisions"}],"predecessor-version":[{"id":2204,"href":"https:\/\/duoarte.at\/de\/wp-json\/wp\/v2\/pages\/890\/revisions\/2204"}],"wp:attachment":[{"href":"https:\/\/duoarte.at\/de\/wp-json\/wp\/v2\/media?parent=890"}],"curies":[{"name":"wp","href":"https:\/\/api.w.org\/{rel}","templated":true}]}}